{"id":6688,"date":"2026-01-16T09:41:05","date_gmt":"2026-01-16T09:41:05","guid":{"rendered":"https:\/\/farmoderm.it\/bioderma\/"},"modified":"2026-03-10T11:28:05","modified_gmt":"2026-03-10T11:28:05","slug":"bioderma","status":"publish","type":"page","link":"https:\/\/farmoderm.it\/es\/bioderma\/","title":{"rendered":"Bioderma"},"content":{"rendered":"\t\t<div data-elementor-type=\"wp-page\" data-elementor-id=\"6688\" class=\"elementor elementor-6688 elementor-730\" data-elementor-post-type=\"page\">\n\t\t\t\t<div class=\"elementor-element elementor-element-f2d7375 e-flex e-con-boxed e-con e-parent\" data-id=\"f2d7375\" data-element_type=\"container\" data-e-type=\"container\">\n\t\t\t\t\t<div class=\"e-con-inner\">\n\t\t\t\t<div class=\"elementor-element elementor-element-713f01b elementor-widget elementor-widget-breadcrumbs\" data-id=\"713f01b\" data-element_type=\"widget\" data-e-type=\"widget\" data-widget_type=\"breadcrumbs.default\">\n\t\t\t\t\t<p id=\"breadcrumbs\"><span><span><a href=\"https:\/\/farmoderm.it\/es\/pagina-de-inicio\/\">Home<\/a><\/span><\/span><\/p>\t\t\t\t<\/div>\n\t\t\t\t<div class=\"elementor-element elementor-element-e071b4c elementor-widget elementor-widget-heading\" data-id=\"e071b4c\" data-element_type=\"widget\" data-e-type=\"widget\" data-widget_type=\"heading.default\">\n\t\t\t\t\t<h1 class=\"elementor-heading-title elementor-size-default\">Bioderma<\/h1>\t\t\t\t<\/div>\n\t\t\t\t<div class=\"elementor-element elementor-element-feed1ed elementor-widget elementor-widget-text-editor\" data-id=\"feed1ed\" data-element_type=\"widget\" data-e-type=\"widget\" data-widget_type=\"text-editor.default\">\n\t\t\t\t\t\t\t\t\t<p><strong>La l\u00ednea Farmoderm dedicada a las pieles sensibles y fr\u00e1giles<\/strong><\/p>\t\t\t\t\t\t\t\t<\/div>\n\t\t\t\t<div class=\"elementor-element elementor-element-093f7c2 elementor-widget elementor-widget-text-editor\" data-id=\"093f7c2\" data-element_type=\"widget\" data-e-type=\"widget\" data-widget_type=\"text-editor.default\">\n\t\t\t\t\t\t\t\t\t<p>La piel sensible es una afecci\u00f3n cada vez m\u00e1s frecuente, a menudo infravalorada, que puede acompa\u00f1ar a una persona desde su nacimiento o producirse a lo largo de la vida debido a factores externos, afecciones cl\u00ednicas o fragilidad cut\u00e1nea adquirida.<\/p><p><strong>Bioderm<\/strong> es la l\u00ednea Farmoderm desarrollada para satisfacer las necesidades de las <strong>pieles sensibles, fr\u00e1giles y reactivas<\/strong>, con f\u00f3rmulas dermatol\u00f3gicamente estudiadas para prevenir, proteger y apoyar la piel en la vida diaria.<\/p>\t\t\t\t\t\t\t\t<\/div>\n\t\t\t\t\t<\/div>\n\t\t\t\t<\/div>\n\t\t<div class=\"elementor-element elementor-element-a26e1ea e-flex e-con-boxed e-con e-parent\" data-id=\"a26e1ea\" data-element_type=\"container\" data-e-type=\"container\" data-settings=\"{&quot;background_background&quot;:&quot;classic&quot;}\">\n\t\t\t\t\t<div class=\"e-con-inner\">\n\t\t<div class=\"elementor-element elementor-element-ce631c1 e-con-full e-flex e-con e-child\" data-id=\"ce631c1\" data-element_type=\"container\" data-e-type=\"container\">\n\t\t<div class=\"elementor-element elementor-element-15600cf e-con-full e-flex e-con e-child\" data-id=\"15600cf\" data-element_type=\"container\" data-e-type=\"container\">\n\t\t<div class=\"elementor-element elementor-element-bff5d8c e-con-full e-flex e-con e-child\" data-id=\"bff5d8c\" data-element_type=\"container\" data-e-type=\"container\" data-settings=\"{&quot;background_background&quot;:&quot;classic&quot;}\">\n\t\t\t\t<div class=\"elementor-element elementor-element-a117b01 elementor-widget elementor-widget-heading\" data-id=\"a117b01\" data-element_type=\"widget\" data-e-type=\"widget\" data-widget_type=\"heading.default\">\n\t\t\t\t\t<h2 class=\"elementor-heading-title elementor-size-default\">Piel sensible: de qu\u00e9 estamos hablando<\/h2>\t\t\t\t<\/div>\n\t\t\t\t<\/div>\n\t\t<div class=\"elementor-element elementor-element-5d7ca48 e-con-full e-flex e-con e-child\" data-id=\"5d7ca48\" data-element_type=\"container\" data-e-type=\"container\" data-settings=\"{&quot;background_background&quot;:&quot;classic&quot;}\">\n\t\t<div class=\"elementor-element elementor-element-93d5e0d e-con-full e-flex e-con e-child\" data-id=\"93d5e0d\" data-element_type=\"container\" data-e-type=\"container\" data-settings=\"{&quot;background_background&quot;:&quot;classic&quot;}\">\n\t\t\t\t<\/div>\n\t\t\t\t<div class=\"elementor-element elementor-element-e5451c5 elementor-widget elementor-widget-heading\" data-id=\"e5451c5\" data-element_type=\"widget\" data-e-type=\"widget\" data-widget_type=\"heading.default\">\n\t\t\t\t\t<h3 class=\"elementor-heading-title elementor-size-default\">Una afecci\u00f3n com\u00fan, no un diagn\u00f3stico<\/h3>\t\t\t\t<\/div>\n\t\t\t\t<div class=\"elementor-element elementor-element-f4f5ef0 elementor-widget elementor-widget-text-editor\" data-id=\"f4f5ef0\" data-element_type=\"widget\" data-e-type=\"widget\" data-widget_type=\"text-editor.default\">\n\t\t\t\t\t\t\t\t\t<p>El t\u00e9rmino piel sensible identifica a la piel m\u00e1s propensa a <strong>reacciones inflamatorias o irritativas<\/strong>, incluso en ausencia de una patolog\u00eda espec\u00edfica.<\/p><p>Puede ser:<\/p><ul><li>un rasgo hereditario<\/li><li>una piel fragilizada por el paso del tiempo<\/li><li>piel extremadamente seca o comprometida<\/li><\/ul><p><br>La piel sensible reacciona m\u00e1s f\u00e1cilmente a los agentes f\u00edsicos y qu\u00edmicos, manifestando enrojecimiento, picor, quemaz\u00f3n o sensaciones de malestar.<\/p>\t\t\t\t\t\t\t\t<\/div>\n\t\t\t\t<\/div>\n\t\t\t\t<\/div>\n\t\t\t\t<\/div>\n\t\t\t\t\t<\/div>\n\t\t\t\t<\/div>\n\t\t<div class=\"elementor-element elementor-element-8eaaed9 e-flex e-con-boxed e-con e-parent\" data-id=\"8eaaed9\" data-element_type=\"container\" data-e-type=\"container\">\n\t\t\t\t\t<div class=\"e-con-inner\">\n\t\t\t\t<div class=\"elementor-element elementor-element-23c8552 elementor-widget elementor-widget-heading\" data-id=\"23c8552\" data-element_type=\"widget\" data-e-type=\"widget\" data-widget_type=\"heading.default\">\n\t\t\t\t\t<h2 class=\"elementor-heading-title elementor-size-default\">Factores que alteran la barrera cut\u00e1nea<\/h2>\t\t\t\t<\/div>\n\t\t\t\t<div class=\"elementor-element elementor-element-b7d86a3 elementor-widget elementor-widget-text-editor\" data-id=\"b7d86a3\" data-element_type=\"widget\" data-e-type=\"widget\" data-widget_type=\"text-editor.default\">\n\t\t\t\t\t\t\t\t\t<p><strong>Cuando la piel se vuelve m\u00e1s vulnerable<\/strong><\/p>\t\t\t\t\t\t\t\t<\/div>\n\t\t\t\t<div class=\"elementor-element elementor-element-070c372 elementor-widget elementor-widget-text-editor\" data-id=\"070c372\" data-element_type=\"widget\" data-e-type=\"widget\" data-widget_type=\"text-editor.default\">\n\t\t\t\t\t\t\t\t\t<p>Incluso una piel inicialmente normal puede volverse sensible con el tiempo. Los principales factores desencadenantes son <\/p><ul><li>exposici\u00f3n al sol<br>viento intenso<\/li><li>temperaturas muy bajas o muy altas<\/li><li>rozamiento con la ropa<\/li><li>uso de cosm\u00e9ticos agresivos<\/li><\/ul><p><br>La alteraci\u00f3n de la barrera cut\u00e1nea hace que la piel est\u00e9 menos protegida y sea m\u00e1s reactiva a los est\u00edmulos externos.<\/p>\t\t\t\t\t\t\t\t<\/div>\n\t\t\t\t\t<\/div>\n\t\t\t\t<\/div>\n\t\t<div class=\"elementor-element elementor-element-97c18f4 e-flex e-con-boxed e-con e-parent\" data-id=\"97c18f4\" data-element_type=\"container\" data-e-type=\"container\" data-settings=\"{&quot;background_background&quot;:&quot;classic&quot;}\">\n\t\t\t\t\t<div class=\"e-con-inner\">\n\t\t<div class=\"elementor-element elementor-element-9d954ab e-con-full e-flex e-con e-child\" data-id=\"9d954ab\" data-element_type=\"container\" data-e-type=\"container\">\n\t\t<div class=\"elementor-element elementor-element-bef0556 e-con-full e-flex e-con e-child\" data-id=\"bef0556\" data-element_type=\"container\" data-e-type=\"container\">\n\t\t<div class=\"elementor-element elementor-element-542616e e-con-full e-flex e-con e-child\" data-id=\"542616e\" data-element_type=\"container\" data-e-type=\"container\" data-settings=\"{&quot;background_background&quot;:&quot;classic&quot;}\">\n\t\t<div class=\"elementor-element elementor-element-5b8f476 e-con-full e-flex e-con e-child\" data-id=\"5b8f476\" data-element_type=\"container\" data-e-type=\"container\" data-settings=\"{&quot;background_background&quot;:&quot;classic&quot;}\">\n\t\t\t\t<\/div>\n\t\t\t\t<div class=\"elementor-element elementor-element-0a73c40 elementor-widget elementor-widget-heading\" data-id=\"0a73c40\" data-element_type=\"widget\" data-e-type=\"widget\" data-widget_type=\"heading.default\">\n\t\t\t\t\t<h2 class=\"elementor-heading-title elementor-size-default\">S\u00edntomas y problemas m\u00e1s frecuentes<\/h2>\t\t\t\t<\/div>\n\t\t\t\t<div class=\"elementor-element elementor-element-56a231f elementor-widget elementor-widget-text-editor\" data-id=\"56a231f\" data-element_type=\"widget\" data-e-type=\"widget\" data-widget_type=\"text-editor.default\">\n\t\t\t\t\t\t\t\t\t<p>La piel sensible o reactiva puede manifestarse con:<\/p><ul><li>enrojecimiento localizado o difuso<\/li><li>sensaci\u00f3n de quemaz\u00f3n u hormigueo<\/li><li>prurito persistente<\/li><li>sequedad y descamaci\u00f3n<\/li><li>erupciones o urticaria<\/li><\/ul><p>En algunos casos, estas manifestaciones se asocian a afecciones dermatol\u00f3gicas espec\u00edficas.<\/p>\t\t\t\t\t\t\t\t<\/div>\n\t\t\t\t<div class=\"elementor-element elementor-element-98ad3bd elementor-widget-divider--view-line elementor-widget elementor-widget-divider\" data-id=\"98ad3bd\" data-element_type=\"widget\" data-e-type=\"widget\" data-widget_type=\"divider.default\">\n\t\t\t\t\t\t\t<div class=\"elementor-divider\">\n\t\t\t<span class=\"elementor-divider-separator\">\n\t\t\t\t\t\t<\/span>\n\t\t<\/div>\n\t\t\t\t\t\t<\/div>\n\t\t\t\t<div class=\"elementor-element elementor-element-8d2c15b elementor-widget elementor-widget-heading\" data-id=\"8d2c15b\" data-element_type=\"widget\" data-e-type=\"widget\" data-widget_type=\"heading.default\">\n\t\t\t\t\t<h3 class=\"elementor-heading-title elementor-size-default\">Dermatitis de contacto<\/h3>\t\t\t\t<\/div>\n\t\t\t\t<div class=\"elementor-element elementor-element-21476b3 elementor-widget elementor-widget-text-editor\" data-id=\"21476b3\" data-element_type=\"widget\" data-e-type=\"widget\" data-widget_type=\"text-editor.default\">\n\t\t\t\t\t\t\t\t\t<p>La dermatitis de contacto se produce tras el contacto directo con una sustancia irritante o alerg\u00e9nica.<\/p><p>La piel puede enrojecerse, hincharse, picar y, en casos graves, agrietarse o ampollarse.<\/p>\t\t\t\t\t\t\t\t<\/div>\n\t\t\t\t<div class=\"elementor-element elementor-element-a37e41f elementor-widget-divider--view-line elementor-widget elementor-widget-divider\" data-id=\"a37e41f\" data-element_type=\"widget\" data-e-type=\"widget\" data-widget_type=\"divider.default\">\n\t\t\t\t\t\t\t<div class=\"elementor-divider\">\n\t\t\t<span class=\"elementor-divider-separator\">\n\t\t\t\t\t\t<\/span>\n\t\t<\/div>\n\t\t\t\t\t\t<\/div>\n\t\t\t\t<div class=\"elementor-element elementor-element-9377d17 elementor-widget elementor-widget-heading\" data-id=\"9377d17\" data-element_type=\"widget\" data-e-type=\"widget\" data-widget_type=\"heading.default\">\n\t\t\t\t\t<h3 class=\"elementor-heading-title elementor-size-default\">Reacci\u00f3n al\u00e9rgica<\/h3>\t\t\t\t<\/div>\n\t\t\t\t<div class=\"elementor-element elementor-element-02f1c4f elementor-widget elementor-widget-text-editor\" data-id=\"02f1c4f\" data-element_type=\"widget\" data-e-type=\"widget\" data-widget_type=\"text-editor.default\">\n\t\t\t\t\t\t\t\t\t<p>La dermatitis al\u00e9rgica es una forma de dermatitis de contacto causada por una respuesta inmunitaria. Entre los al\u00e9rgenos m\u00e1s comunes <\/p><ul><li>n\u00edquel<\/li><li>perfumes<\/li><li>l\u00e1tex<\/li><li>tintes<\/li><li>sustancias qu\u00edmicas en cosm\u00e9ticos y productos capilares<\/li><\/ul><p><br>En presencia de s\u00edntomas persistentes, siempre se recomienda una consulta dermatol\u00f3gica.<\/p>\t\t\t\t\t\t\t\t<\/div>\n\t\t\t\t<div class=\"elementor-element elementor-element-ec738c0 elementor-widget-divider--view-line elementor-widget elementor-widget-divider\" data-id=\"ec738c0\" data-element_type=\"widget\" data-e-type=\"widget\" data-widget_type=\"divider.default\">\n\t\t\t\t\t\t\t<div class=\"elementor-divider\">\n\t\t\t<span class=\"elementor-divider-separator\">\n\t\t\t\t\t\t<\/span>\n\t\t<\/div>\n\t\t\t\t\t\t<\/div>\n\t\t\t\t<div class=\"elementor-element elementor-element-d3d1408 elementor-widget elementor-widget-heading\" data-id=\"d3d1408\" data-element_type=\"widget\" data-e-type=\"widget\" data-widget_type=\"heading.default\">\n\t\t\t\t\t<h3 class=\"elementor-heading-title elementor-size-default\">Piel seca<\/h3>\t\t\t\t<\/div>\n\t\t\t\t<div class=\"elementor-element elementor-element-54ccd75 elementor-widget elementor-widget-text-editor\" data-id=\"54ccd75\" data-element_type=\"widget\" data-e-type=\"widget\" data-widget_type=\"text-editor.default\">\n\t\t\t\t\t\t\t\t\t<p>La piel seca tiende a volverse m\u00e1s sensible porque pierde su pel\u00edcula hidrolip\u00eddica protectora.<\/p><p>Las zonas m\u00e1s expuestas son las manos, la cara y los brazos.<\/p><p>Una limpieza adecuada y el uso diario de productos hidratantes ayudan a prevenir la sequedad y las molestias.<\/p>\t\t\t\t\t\t\t\t<\/div>\n\t\t\t\t<div class=\"elementor-element elementor-element-af39cb2 elementor-widget-divider--view-line elementor-widget elementor-widget-divider\" data-id=\"af39cb2\" data-element_type=\"widget\" data-e-type=\"widget\" data-widget_type=\"divider.default\">\n\t\t\t\t\t\t\t<div class=\"elementor-divider\">\n\t\t\t<span class=\"elementor-divider-separator\">\n\t\t\t\t\t\t<\/span>\n\t\t<\/div>\n\t\t\t\t\t\t<\/div>\n\t\t\t\t<div class=\"elementor-element elementor-element-8eae9cf elementor-widget elementor-widget-heading\" data-id=\"8eae9cf\" data-element_type=\"widget\" data-e-type=\"widget\" data-widget_type=\"heading.default\">\n\t\t\t\t\t<h3 class=\"elementor-heading-title elementor-size-default\">Eczema y ros\u00e1cea<\/h3>\t\t\t\t<\/div>\n\t\t\t\t<div class=\"elementor-element elementor-element-cef9028 elementor-widget elementor-widget-text-editor\" data-id=\"cef9028\" data-element_type=\"widget\" data-e-type=\"widget\" data-widget_type=\"text-editor.default\">\n\t\t\t\t\t\t\t\t\t<ul><li>Eccema (dermatitis at\u00f3pica): se caracteriza por manchas secas que pican<\/li><li>Acn\u00e9 ros\u00e1cea: enrojecimiento persistente y capilares visibles, especialmente en la cara<\/li><\/ul><p><br>Ambas afecciones requieren una limpieza suave y productos muy tolerables.<\/p>\t\t\t\t\t\t\t\t<\/div>\n\t\t\t\t<\/div>\n\t\t\t\t<\/div>\n\t\t\t\t<\/div>\n\t\t\t\t\t<\/div>\n\t\t\t\t<\/div>\n\t\t<div class=\"elementor-element elementor-element-3f4cf3c e-flex e-con-boxed e-con e-parent\" data-id=\"3f4cf3c\" data-element_type=\"container\" data-e-type=\"container\">\n\t\t\t\t\t<div class=\"e-con-inner\">\n\t\t\t\t<div class=\"elementor-element elementor-element-4c15c04 elementor-widget elementor-widget-heading\" data-id=\"4c15c04\" data-element_type=\"widget\" data-e-type=\"widget\" data-widget_type=\"heading.default\">\n\t\t\t\t\t<h2 class=\"elementor-heading-title elementor-size-default\">Prevenci\u00f3n y cuidado de la piel sensible<\/h2>\t\t\t\t<\/div>\n\t\t\t\t<div class=\"elementor-element elementor-element-b1db0b8 elementor-widget elementor-widget-text-editor\" data-id=\"b1db0b8\" data-element_type=\"widget\" data-e-type=\"widget\" data-widget_type=\"text-editor.default\">\n\t\t\t\t\t\t\t\t\t<p><strong>Peque\u00f1os gestos cotidianos, gran diferencia<\/strong><\/p>\t\t\t\t\t\t\t\t<\/div>\n\t\t\t\t<div class=\"elementor-element elementor-element-18320fc elementor-widget elementor-widget-text-editor\" data-id=\"18320fc\" data-element_type=\"widget\" data-e-type=\"widget\" data-widget_type=\"text-editor.default\">\n\t\t\t\t\t\t\t\t\t<p>La prevenci\u00f3n dermatol\u00f3gica es esencial para reducir la aparici\u00f3n de irritaciones, rojeces y enfermedades cut\u00e1neas.<\/p><p>Esto es importante:<\/p><ul><li>evita los ingredientes agresivos y los perfumes<\/li><li>utiliza productos espec\u00edficos para pieles sensibles<\/li><li>mantener la hidrataci\u00f3n de la piel<\/li><li>proteger las zonas sometidas a roces o presiones<\/li><\/ul><p><br>La prevenci\u00f3n es atenci\u00f3n diaria y contribuye de forma concreta a una mejor calidad de vida.<\/p>\t\t\t\t\t\t\t\t<\/div>\n\t\t\t\t\t<\/div>\n\t\t\t\t<\/div>\n\t\t<div class=\"elementor-element elementor-element-1f6f2e2 e-flex e-con-boxed e-con e-parent\" data-id=\"1f6f2e2\" data-element_type=\"container\" data-e-type=\"container\" data-settings=\"{&quot;background_background&quot;:&quot;classic&quot;}\">\n\t\t\t\t\t<div class=\"e-con-inner\">\n\t\t<div class=\"elementor-element elementor-element-68871ea e-con-full e-flex e-con e-child\" data-id=\"68871ea\" data-element_type=\"container\" data-e-type=\"container\">\n\t\t<div class=\"elementor-element elementor-element-6b672a3 e-con-full e-flex e-con e-child\" data-id=\"6b672a3\" data-element_type=\"container\" data-e-type=\"container\">\n\t\t<div class=\"elementor-element elementor-element-fcfe99f e-con-full e-flex e-con e-child\" data-id=\"fcfe99f\" data-element_type=\"container\" data-e-type=\"container\" data-settings=\"{&quot;background_background&quot;:&quot;classic&quot;}\">\n\t\t<div class=\"elementor-element elementor-element-6680abe e-con-full e-flex e-con e-child\" data-id=\"6680abe\" data-element_type=\"container\" data-e-type=\"container\" data-settings=\"{&quot;background_background&quot;:&quot;classic&quot;}\">\n\t\t\t\t<\/div>\n\t\t\t\t<div class=\"elementor-element elementor-element-4677dbb elementor-widget elementor-widget-heading\" data-id=\"4677dbb\" data-element_type=\"widget\" data-e-type=\"widget\" data-widget_type=\"heading.default\">\n\t\t\t\t\t<h2 class=\"elementor-heading-title elementor-size-default\">Las l\u00edneas profesionales Bioderm<\/h2>\t\t\t\t<\/div>\n\t\t\t\t<div class=\"elementor-element elementor-element-27ae99e elementor-widget elementor-widget-heading\" data-id=\"27ae99e\" data-element_type=\"widget\" data-e-type=\"widget\" data-widget_type=\"heading.default\">\n\t\t\t\t\t<h3 class=\"elementor-heading-title elementor-size-default\">Bioderma Prevenci\u00f3n<\/h3>\t\t\t\t<\/div>\n\t\t\t\t<div class=\"elementor-element elementor-element-1f8b018 elementor-widget elementor-widget-text-editor\" data-id=\"1f8b018\" data-element_type=\"widget\" data-e-type=\"widget\" data-widget_type=\"text-editor.default\">\n\t\t\t\t\t\t\t\t\t<p>La piel est\u00e1 expuesta todos los d\u00edas a factores ambientales y mec\u00e1nicos.<br>Una prevenci\u00f3n dermatol\u00f3gica adecuada ayuda a proteger los pliegues naturales del cuerpo y las zonas sometidas a presi\u00f3n o roce, reduciendo el riesgo de irritaci\u00f3n y lesiones.<\/p>\t\t\t\t\t\t\t\t<\/div>\n\t\t\t\t<div class=\"elementor-element elementor-element-60d91cb elementor-widget-divider--view-line elementor-widget elementor-widget-divider\" data-id=\"60d91cb\" data-element_type=\"widget\" data-e-type=\"widget\" data-widget_type=\"divider.default\">\n\t\t\t\t\t\t\t<div class=\"elementor-divider\">\n\t\t\t<span class=\"elementor-divider-separator\">\n\t\t\t\t\t\t<\/span>\n\t\t<\/div>\n\t\t\t\t\t\t<\/div>\n\t\t\t\t<div class=\"elementor-element elementor-element-cd37876 elementor-widget elementor-widget-heading\" data-id=\"cd37876\" data-element_type=\"widget\" data-e-type=\"widget\" data-widget_type=\"heading.default\">\n\t\t\t\t\t<h3 class=\"elementor-heading-title elementor-size-default\">Bioderma Higiene<\/h3>\t\t\t\t<\/div>\n\t\t\t\t<div class=\"elementor-element elementor-element-e4a1449 elementor-widget elementor-widget-text-editor\" data-id=\"e4a1449\" data-element_type=\"widget\" data-e-type=\"widget\" data-widget_type=\"text-editor.default\">\n\t\t\t\t\t\t\t\t\t<p>El cuidado personal empieza con <strong>una limpieza adecuada y respetuosa con la piel<\/strong>.<\/p><p>Farmoderm aplica su experiencia dermatol\u00f3gica al desarrollo de productos limpiadores suaves y eficaces que tambi\u00e9n son adecuados para un uso frecuente.<\/p><p><strong>Bioderm\u00ae Isoderm<\/strong><\/p><p>Es la l\u00ednea espec\u00edfica para sujetos incontinentes, utilizada y apreciada por:<\/p><ul><li>profesionales solidarios<\/li><li>cuidador<\/li><li>centros sanitarios<\/li><\/ul><p><br>La l\u00ednea se distribuye en el canal farmac\u00e9utico de todo el pa\u00eds.<\/p>\t\t\t\t\t\t\t\t<\/div>\n\t\t\t\t<\/div>\n\t\t\t\t<\/div>\n\t\t\t\t<\/div>\n\t\t<div class=\"elementor-element elementor-element-ed3ce86 e-con-full e-flex e-con e-child\" data-id=\"ed3ce86\" data-element_type=\"container\" data-e-type=\"container\">\n\t\t<div class=\"elementor-element elementor-element-191c785 e-con-full e-flex e-con e-child\" data-id=\"191c785\" data-element_type=\"container\" data-e-type=\"container\">\n\t\t<div class=\"elementor-element elementor-element-5dd5535 e-con-full e-flex e-con e-child\" data-id=\"5dd5535\" data-element_type=\"container\" data-e-type=\"container\" data-settings=\"{&quot;background_background&quot;:&quot;classic&quot;}\">\n\t\t<div class=\"elementor-element elementor-element-3f8cf6f e-con-full e-flex e-con e-child\" data-id=\"3f8cf6f\" data-element_type=\"container\" data-e-type=\"container\" data-settings=\"{&quot;background_background&quot;:&quot;classic&quot;}\">\n\t\t\t\t<\/div>\n\t\t\t\t<div class=\"elementor-element elementor-element-fed7ed3 elementor-widget elementor-widget-heading\" data-id=\"fed7ed3\" data-element_type=\"widget\" data-e-type=\"widget\" data-widget_type=\"heading.default\">\n\t\t\t\t\t<h2 class=\"elementor-heading-title elementor-size-default\">\u00c1reas de uso profesional<\/h2>\t\t\t\t<\/div>\n\t\t\t\t<div class=\"elementor-element elementor-element-d001f87 elementor-widget elementor-widget-heading\" data-id=\"d001f87\" data-element_type=\"widget\" data-e-type=\"widget\" data-widget_type=\"heading.default\">\n\t\t\t\t\t<h3 class=\"elementor-heading-title elementor-size-default\">RSA y residencias de ancianos<\/h3>\t\t\t\t<\/div>\n\t\t\t\t<div class=\"elementor-element elementor-element-f6e3c46 elementor-widget elementor-widget-text-editor\" data-id=\"f6e3c46\" data-element_type=\"widget\" data-e-type=\"widget\" data-widget_type=\"text-editor.default\">\n\t\t\t\t\t\t\t\t\tL\u00ednea profesional Isoderm para personas con piel extremadamente fr\u00e1gil.\nCada d\u00eda, cientos de miles de residentes son tratados con productos Bioderm\u00ae Isodermica para la higiene, prevenci\u00f3n y protecci\u00f3n dermatol\u00f3gicas.\n\t\t\t\t\t\t\t\t<\/div>\n\t\t\t\t<div class=\"elementor-element elementor-element-53ed7ee elementor-widget-divider--view-line elementor-widget elementor-widget-divider\" data-id=\"53ed7ee\" data-element_type=\"widget\" data-e-type=\"widget\" data-widget_type=\"divider.default\">\n\t\t\t\t\t\t\t<div class=\"elementor-divider\">\n\t\t\t<span class=\"elementor-divider-separator\">\n\t\t\t\t\t\t<\/span>\n\t\t<\/div>\n\t\t\t\t\t\t<\/div>\n\t\t\t\t<div class=\"elementor-element elementor-element-d34998e elementor-widget elementor-widget-heading\" data-id=\"d34998e\" data-element_type=\"widget\" data-e-type=\"widget\" data-widget_type=\"heading.default\">\n\t\t\t\t\t<h3 class=\"elementor-heading-title elementor-size-default\">Hospitales y cl\u00ednicas<\/h3>\t\t\t\t<\/div>\n\t\t\t\t<div class=\"elementor-element elementor-element-3465eb0 elementor-widget elementor-widget-text-editor\" data-id=\"3465eb0\" data-element_type=\"widget\" data-e-type=\"widget\" data-widget_type=\"text-editor.default\">\n\t\t\t\t\t\t\t\t\t<p>En el \u00e1mbito hospitalario, la higiene dermatol\u00f3gica es esencial para prevenir complicaciones y garantizar el bienestar del paciente.<\/p><p>Los departamentos y centros sanitarios eligen los productos Bioderm\u00ae Isodermica para el tratamiento diario de la piel de los pacientes.<\/p>\t\t\t\t\t\t\t\t<\/div>\n\t\t\t\t<div class=\"elementor-element elementor-element-cde8f45 elementor-widget-divider--view-line elementor-widget elementor-widget-divider\" data-id=\"cde8f45\" data-element_type=\"widget\" data-e-type=\"widget\" data-widget_type=\"divider.default\">\n\t\t\t\t\t\t\t<div class=\"elementor-divider\">\n\t\t\t<span class=\"elementor-divider-separator\">\n\t\t\t\t\t\t<\/span>\n\t\t<\/div>\n\t\t\t\t\t\t<\/div>\n\t\t\t\t<div class=\"elementor-element elementor-element-ed089f0 elementor-widget elementor-widget-heading\" data-id=\"ed089f0\" data-element_type=\"widget\" data-e-type=\"widget\" data-widget_type=\"heading.default\">\n\t\t\t\t\t<h3 class=\"elementor-heading-title elementor-size-default\">Asistencia a domicilio<\/h3>\t\t\t\t<\/div>\n\t\t\t\t<div class=\"elementor-element elementor-element-0d0df13 elementor-widget elementor-widget-text-editor\" data-id=\"0d0df13\" data-element_type=\"widget\" data-e-type=\"widget\" data-widget_type=\"text-editor.default\">\n\t\t\t\t\t\t\t\t\t<p>La l\u00ednea profesional Bioderm\u00ae Isodermica se cre\u00f3 para apoyar el trabajo de los profesionales de la asistencia domiciliaria dedicados al cuidado de las personas:<\/p><ul><li>incontinentes<\/li><li>encamado<\/li><li>con discapacidad<\/li><\/ul><p>Una limpieza adecuada y una protecci\u00f3n espec\u00edfica ayudan a preservar la integridad de la piel y mejoran la calidad de vida.<\/p>\t\t\t\t\t\t\t\t<\/div>\n\t\t\t\t<div class=\"elementor-element elementor-element-ca69299 elementor-widget-divider--view-line elementor-widget elementor-widget-divider\" data-id=\"ca69299\" data-element_type=\"widget\" data-e-type=\"widget\" data-widget_type=\"divider.default\">\n\t\t\t\t\t\t\t<div class=\"elementor-divider\">\n\t\t\t<span class=\"elementor-divider-separator\">\n\t\t\t\t\t\t<\/span>\n\t\t<\/div>\n\t\t\t\t\t\t<\/div>\n\t\t\t\t<div class=\"elementor-element elementor-element-2916b1b elementor-widget elementor-widget-heading\" data-id=\"2916b1b\" data-element_type=\"widget\" data-e-type=\"widget\" data-widget_type=\"heading.default\">\n\t\t\t\t\t<h3 class=\"elementor-heading-title elementor-size-default\">Guarder\u00edas y escuelas<\/h3>\t\t\t\t<\/div>\n\t\t\t\t<div class=\"elementor-element elementor-element-cec2002 elementor-widget elementor-widget-text-editor\" data-id=\"cec2002\" data-element_type=\"widget\" data-e-type=\"widget\" data-widget_type=\"text-editor.default\">\n\t\t\t\t\t\t\t\t\t<p>La seguridad de los ni\u00f1os y los operarios tambi\u00e9n depende de la elecci\u00f3n de productos fiables para la higiene diaria.<\/p><p>Las f\u00f3rmulas Bioderm se desarrollan seg\u00fan normas de alta calidad y se someten a estrictos controles en cada fase de la producci\u00f3n.<\/p>\t\t\t\t\t\t\t\t<\/div>\n\t\t\t\t<\/div>\n\t\t\t\t<\/div>\n\t\t\t\t<\/div>\n\t\t\t\t\t<\/div>\n\t\t\t\t<\/div>\n\t\t<div class=\"elementor-element elementor-element-95b4539 e-flex e-con-boxed e-con e-parent\" data-id=\"95b4539\" data-element_type=\"container\" data-e-type=\"container\">\n\t\t\t\t\t<div class=\"e-con-inner\">\n\t\t\t\t<div class=\"elementor-element elementor-element-ab7d57e elementor-widget elementor-widget-heading\" data-id=\"ab7d57e\" data-element_type=\"widget\" data-e-type=\"widget\" data-widget_type=\"heading.default\">\n\t\t\t\t\t<h2 class=\"elementor-heading-title elementor-size-default\">Prevenci\u00f3n para adultos y ni\u00f1os<\/h2>\t\t\t\t<\/div>\n\t\t\t\t<div class=\"elementor-element elementor-element-e4c4d5b elementor-widget elementor-widget-text-editor\" data-id=\"e4c4d5b\" data-element_type=\"widget\" data-e-type=\"widget\" data-widget_type=\"text-editor.default\">\n\t\t\t\t\t\t\t\t\t<p><strong>La higiene de las manos como primer acto de protecci\u00f3n<\/strong><\/p>\t\t\t\t\t\t\t\t<\/div>\n\t\t\t\t<div class=\"elementor-element elementor-element-9f8521a elementor-widget elementor-widget-text-editor\" data-id=\"9f8521a\" data-element_type=\"widget\" data-e-type=\"widget\" data-widget_type=\"text-editor.default\">\n\t\t\t\t\t\t\t\t\t<p>La higiene de las manos es crucial en la prevenci\u00f3n de infecciones, tanto en la educaci\u00f3n como en la asistencia sanitaria.<\/p><ul><li>Lavado social: con agua y jab\u00f3n, antes y despu\u00e9s de las actividades diarias<\/li><li>Lavado antis\u00e9ptico o frotado con alcohol: antes y despu\u00e9s de un contacto prolongado o de situaciones de riesgo<\/li><\/ul><p><br>Una higiene adecuada ayuda a proteger la salud de los ni\u00f1os, los trabajadores y las familias.<\/p>\t\t\t\t\t\t\t\t<\/div>\n\t\t\t\t\t<\/div>\n\t\t\t\t<\/div>\n\t\t\t\t<\/div>\n\t\t","protected":false},"excerpt":{"rendered":"<p>Bioderma La l\u00ednea Farmoderm dedicada a las pieles sensibles y fr\u00e1giles La piel sensible es una afecci\u00f3n cada vez m\u00e1s frecuente, a menudo infravalorada, que puede acompa\u00f1ar a una persona desde su nacimiento o producirse a lo largo de la vida debido a factores externos, afecciones cl\u00ednicas o fragilidad cut\u00e1nea adquirida. Bioderm es la l\u00ednea [&hellip;]<\/p>\n","protected":false},"author":2,"featured_media":0,"parent":0,"menu_order":0,"comment_status":"closed","ping_status":"closed","template":"","meta":{"footnotes":""},"class_list":["post-6688","page","type-page","status-publish","hentry"],"yoast_head":"<!-- This site is optimized with the Yoast SEO plugin v27.1.1 - https:\/\/yoast.com\/product\/yoast-seo-wordpress\/ -->\n<title>Bioderma - Farmoderm.it<\/title>\n<meta name=\"robots\" content=\"index, follow, max-snippet:-1, max-image-preview:large, max-video-preview:-1\" \/>\n<link rel=\"canonical\" href=\"https:\/\/farmoderm.it\/es\/bioderma\/\" \/>\n<meta property=\"og:locale\" content=\"es_ES\" \/>\n<meta property=\"og:type\" content=\"article\" \/>\n<meta property=\"og:title\" content=\"Bioderma - Farmoderm.it\" \/>\n<meta property=\"og:description\" content=\"Bioderma La l\u00ednea Farmoderm dedicada a las pieles sensibles y fr\u00e1giles La piel sensible es una afecci\u00f3n cada vez m\u00e1s frecuente, a menudo infravalorada, que puede acompa\u00f1ar a una persona desde su nacimiento o producirse a lo largo de la vida debido a factores externos, afecciones cl\u00ednicas o fragilidad cut\u00e1nea adquirida. Bioderm es la l\u00ednea [&hellip;]\" \/>\n<meta property=\"og:url\" content=\"https:\/\/farmoderm.it\/es\/bioderma\/\" \/>\n<meta property=\"og:site_name\" content=\"Farmoderm.it\" \/>\n<meta property=\"article:modified_time\" content=\"2026-03-10T11:28:05+00:00\" \/>\n<meta name=\"twitter:card\" content=\"summary_large_image\" \/>\n<meta name=\"twitter:label1\" content=\"Tiempo de lectura\" \/>\n\t<meta name=\"twitter:data1\" content=\"5 minutos\" \/>\n<script type=\"application\/ld+json\" class=\"yoast-schema-graph\">{\"@context\":\"https:\/\/schema.org\",\"@graph\":[{\"@type\":\"WebPage\",\"@id\":\"https:\/\/farmoderm.it\/es\/bioderma\/\",\"url\":\"https:\/\/farmoderm.it\/es\/bioderma\/\",\"name\":\"Bioderma - Farmoderm.it\",\"isPartOf\":{\"@id\":\"https:\/\/farmoderm.it\/es\/#website\"},\"datePublished\":\"2026-01-16T09:41:05+00:00\",\"dateModified\":\"2026-03-10T11:28:05+00:00\",\"breadcrumb\":{\"@id\":\"https:\/\/farmoderm.it\/es\/bioderma\/#breadcrumb\"},\"inLanguage\":\"es\",\"potentialAction\":[{\"@type\":\"ReadAction\",\"target\":[\"https:\/\/farmoderm.it\/es\/bioderma\/\"]}]},{\"@type\":\"BreadcrumbList\",\"@id\":\"https:\/\/farmoderm.it\/es\/bioderma\/#breadcrumb\",\"itemListElement\":[{\"@type\":\"ListItem\",\"position\":1,\"name\":\"Home\",\"item\":\"https:\/\/farmoderm.it\/es\/pagina-de-inicio\/\"},{\"@type\":\"ListItem\",\"position\":2,\"name\":\"Bioderma\"}]},{\"@type\":\"WebSite\",\"@id\":\"https:\/\/farmoderm.it\/es\/#website\",\"url\":\"https:\/\/farmoderm.it\/es\/\",\"name\":\"Farmoderm.it\",\"description\":\"\",\"potentialAction\":[{\"@type\":\"SearchAction\",\"target\":{\"@type\":\"EntryPoint\",\"urlTemplate\":\"https:\/\/farmoderm.it\/es\/?s={search_term_string}\"},\"query-input\":{\"@type\":\"PropertyValueSpecification\",\"valueRequired\":true,\"valueName\":\"search_term_string\"}}],\"inLanguage\":\"es\"}]}<\/script>\n<!-- \/ Yoast SEO plugin. -->","yoast_head_json":{"title":"Bioderma - Farmoderm.it","robots":{"index":"index","follow":"follow","max-snippet":"max-snippet:-1","max-image-preview":"max-image-preview:large","max-video-preview":"max-video-preview:-1"},"canonical":"https:\/\/farmoderm.it\/es\/bioderma\/","og_locale":"es_ES","og_type":"article","og_title":"Bioderma - Farmoderm.it","og_description":"Bioderma La l\u00ednea Farmoderm dedicada a las pieles sensibles y fr\u00e1giles La piel sensible es una afecci\u00f3n cada vez m\u00e1s frecuente, a menudo infravalorada, que puede acompa\u00f1ar a una persona desde su nacimiento o producirse a lo largo de la vida debido a factores externos, afecciones cl\u00ednicas o fragilidad cut\u00e1nea adquirida. Bioderm es la l\u00ednea [&hellip;]","og_url":"https:\/\/farmoderm.it\/es\/bioderma\/","og_site_name":"Farmoderm.it","article_modified_time":"2026-03-10T11:28:05+00:00","twitter_card":"summary_large_image","twitter_misc":{"Tiempo de lectura":"5 minutos"},"schema":{"@context":"https:\/\/schema.org","@graph":[{"@type":"WebPage","@id":"https:\/\/farmoderm.it\/es\/bioderma\/","url":"https:\/\/farmoderm.it\/es\/bioderma\/","name":"Bioderma - Farmoderm.it","isPartOf":{"@id":"https:\/\/farmoderm.it\/es\/#website"},"datePublished":"2026-01-16T09:41:05+00:00","dateModified":"2026-03-10T11:28:05+00:00","breadcrumb":{"@id":"https:\/\/farmoderm.it\/es\/bioderma\/#breadcrumb"},"inLanguage":"es","potentialAction":[{"@type":"ReadAction","target":["https:\/\/farmoderm.it\/es\/bioderma\/"]}]},{"@type":"BreadcrumbList","@id":"https:\/\/farmoderm.it\/es\/bioderma\/#breadcrumb","itemListElement":[{"@type":"ListItem","position":1,"name":"Home","item":"https:\/\/farmoderm.it\/es\/pagina-de-inicio\/"},{"@type":"ListItem","position":2,"name":"Bioderma"}]},{"@type":"WebSite","@id":"https:\/\/farmoderm.it\/es\/#website","url":"https:\/\/farmoderm.it\/es\/","name":"Farmoderm.it","description":"","potentialAction":[{"@type":"SearchAction","target":{"@type":"EntryPoint","urlTemplate":"https:\/\/farmoderm.it\/es\/?s={search_term_string}"},"query-input":{"@type":"PropertyValueSpecification","valueRequired":true,"valueName":"search_term_string"}}],"inLanguage":"es"}]}},"_links":{"self":[{"href":"https:\/\/farmoderm.it\/es\/wp-json\/wp\/v2\/pages\/6688","targetHints":{"allow":["GET"]}}],"collection":[{"href":"https:\/\/farmoderm.it\/es\/wp-json\/wp\/v2\/pages"}],"about":[{"href":"https:\/\/farmoderm.it\/es\/wp-json\/wp\/v2\/types\/page"}],"author":[{"embeddable":true,"href":"https:\/\/farmoderm.it\/es\/wp-json\/wp\/v2\/users\/2"}],"replies":[{"embeddable":true,"href":"https:\/\/farmoderm.it\/es\/wp-json\/wp\/v2\/comments?post=6688"}],"version-history":[{"count":1,"href":"https:\/\/farmoderm.it\/es\/wp-json\/wp\/v2\/pages\/6688\/revisions"}],"predecessor-version":[{"id":6690,"href":"https:\/\/farmoderm.it\/es\/wp-json\/wp\/v2\/pages\/6688\/revisions\/6690"}],"wp:attachment":[{"href":"https:\/\/farmoderm.it\/es\/wp-json\/wp\/v2\/media?parent=6688"}],"curies":[{"name":"wp","href":"https:\/\/api.w.org\/{rel}","templated":true}]}}